{"id":9339,"date":"2022-04-19T09:27:26","date_gmt":"2022-04-19T07:27:26","guid":{"rendered":"https:\/\/ferienwohnungen-simone.com\/10-personen-ferienwohnung-in-koenigsleiten-zum-bestpreis-mieten\/"},"modified":"2025-06-27T13:40:23","modified_gmt":"2025-06-27T11:40:23","slug":"10-personen-ferienwohnung-in-koenigsleiten-zum-bestpreis-mieten","status":"publish","type":"page","link":"https:\/\/ferienwohnungen-simone.com\/nl\/","title":{"rendered":"Home"},"content":{"rendered":"\t\t<div data-elementor-type=\"wp-page\" data-elementor-id=\"9339\" class=\"elementor elementor-9339\" data-elementor-post-type=\"page\">\n\t\t\t\t\t\t<section class=\"elementor-section elementor-top-section elementor-element elementor-element-1434113 elementor-section-stretched elementor-section-boxed elementor-section-height-default elementor-section-height-default elementor-invisible\" data-id=\"1434113\" data-element_type=\"section\" data-settings=\"{&quot;stretch_section&quot;:&quot;section-stretched&quot;,&quot;animation&quot;:&quot;fadeIn&quot;}\">\n\t\t\t\t\t\t<div class=\"elementor-container elementor-column-gap-default\">\n\t\t\t\t\t<div class=\"elementor-column elementor-col-100 elementor-top-column elementor-element elementor-element-19e1b71\" data-id=\"19e1b71\" data-element_type=\"column\">\n\t\t\t<div class=\"elementor-widget-wrap elementor-element-populated\">\n\t\t\t\t\t\t<div class=\"elementor-element elementor-element-f64326c elementor-widget elementor-widget-slider_revolution\" data-id=\"f64326c\" data-element_type=\"widget\" data-widget_type=\"slider_revolution.default\">\n\t\t\t\t<div class=\"elementor-widget-container\">\n\t\t\t\t\t\n\t\t<div class=\"wp-block-themepunch-revslider\">\n\t\t\t\t<p class=\"rs-p-wp-fix\"><\/p>\n\t\t\t\t<sr7-module data-alias=\"home1\" data-id=\"2\" id=\"SR7_2_1\" class=\"rs-ov-hidden\" data-version=\"6.7.25\">\n\t\t\t\t\t<sr7-adjuster><\/sr7-adjuster>\n\t\t\t\t\t<sr7-content>\n\t\t\t\t\t\t<sr7-slide id=\"SR7_2_1-4\" data-key=\"4\">\n\t\t\t\t\t\t\t<sr7-bg id=\"SR7_2_1-4-6\" class=\"sr7-layer\"><noscript><img decoding=\"async\" src=\"https:\/\/ferienwohnungen-simone.com\/wp-content\/uploads\/2025\/06\/Winter-Header-e1748943914615.jpg\" alt=\"\" title=\"Winter Header\"><\/noscript><\/sr7-bg>\n\t\t\t\t\t\t\t<a id=\"SR7_2_1-4-4\" class=\"sr7-layer\" href=\"https:\/\/ferienwohnungen-simone.com\/#booking\" target=\"_self\">APPARTEMENT BUCHEN<\/a>\n\t\t\t\t\t\t<\/sr7-slide>\n\t\t\t\t\t\t<sr7-slide id=\"SR7_2_1-7\" data-key=\"7\">\n\t\t\t\t\t\t<\/sr7-slide>\n\t\t\t\t\t<\/sr7-content>\n\t\t\t\t\t<image_lists style=\"display:none\">\n\t\t\t\t\t\t<img data-src=\"\/\/ferienwohnungen-simone.com\/wp-content\/uploads\/2025\/06\/Winter-Header-e1748943914615.jpg\" data-libid=\"8271\" data-lib=\"medialibrary\" title=\"Winter Header\" width=\"0\" height=\"0\" data-dbsrc=\"Ly9mZXJpZW53b2hudW5nZW4tc2ltb25lLmNvbS93cC1jb250ZW50L3VwbG9hZHMvMjAyNS8wNi9XaW50ZXItSGVhZGVyLWUxNzQ4OTQzOTE0NjE1LmpwZw==\"\/>\n\t\t\t\t\t<\/image_lists>\n\t\t\t\t<\/sr7-module>\n\t\t\t\t<script>\n\t\t\t\t\tSR7.PMH ??={}; SR7.PMH[\"SR7_2_1\"] = {cn:100,state:false,fn: function() { if (_tpt!==undefined && _tpt.prepareModuleHeight !== undefined) {  _tpt.prepareModuleHeight({id:\"SR7_2_1\",el:[800,800,768,960,720],type:'standard',shdw:'0',gh:[800,800,768,960,720],gw:[1920,1920,1024,778,480],vpt:['-100px&#039;,&#039;-100px&#039;,&#039;-100px&#039;,&#039;-100px&#039;,&#039;-100px'],size:{fullWidth:true, fullHeight:false},mh:'0',onh:0,onw:0,bg:{color:'{\"type\":\"solid\",\"orig\":\"#1c1c1c\",\"string\":\"rgba(28, 28, 28, 1)\"}'},plType:'-1',plColor:'#FFFFFF'});   SR7.PMH[\"SR7_2_1\"].state=true;} else if(SR7.PMH[\"SR7_2_1\"].cn-->0)\tsetTimeout( SR7.PMH[\"SR7_2_1\"].fn,19);}};SR7.PMH[\"SR7_2_1\" ].fn();\n\t\t\t\t<\/script>\n<\/div>\n\n\t\t\t\t\t\t<\/div>\n\t\t\t\t<\/div>\n\t\t\t\t\t<\/div>\n\t\t<\/div>\n\t\t\t\t\t<\/div>\n\t\t<\/section>\n\t\t\t\t<section class=\"elementor-section elementor-top-section elementor-element elementor-element-33983f83 elementor-section-content-middle elementor-section-stretched elementor-section-boxed elementor-section-height-default elementor-section-height-default\" data-id=\"33983f83\" data-element_type=\"section\" data-settings=\"{&quot;stretch_section&quot;:&quot;section-stretched&quot;,&quot;background_background&quot;:&quot;classic&quot;}\">\n\t\t\t\t\t\t\t<div class=\"elementor-background-overlay\"><\/div>\n\t\t\t\t\t\t\t<div class=\"elementor-container elementor-column-gap-default\">\n\t\t\t\t\t<div class=\"elementor-column elementor-col-50 elementor-top-column elementor-element elementor-element-4d1d7fcd elementor-hidden-mobile elementor-hidden-tablet\" data-id=\"4d1d7fcd\" data-element_type=\"column\" data-settings=\"{&quot;background_background&quot;:&quot;classic&quot;}\">\n\t\t\t<div class=\"elementor-widget-wrap elementor-element-populated\">\n\t\t\t\t\t\t<div class=\"elementor-element elementor-element-421f44ef elementor-widget elementor-widget-spacer\" data-id=\"421f44ef\" data-element_type=\"widget\" data-widget_type=\"spacer.default\">\n\t\t\t\t<div class=\"elementor-widget-container\">\n\t\t\t\t\t\t\t<div class=\"elementor-spacer\">\n\t\t\t<div class=\"elementor-spacer-inner\"><\/div>\n\t\t<\/div>\n\t\t\t\t\t\t<\/div>\n\t\t\t\t<\/div>\n\t\t\t\t\t<\/div>\n\t\t<\/div>\n\t\t\t\t<div class=\"elementor-column elementor-col-50 elementor-top-column elementor-element elementor-element-4e73e09c\" data-id=\"4e73e09c\" data-element_type=\"column\">\n\t\t\t<div class=\"elementor-widget-wrap elementor-element-populated\">\n\t\t\t\t\t\t<div class=\"elementor-element elementor-element-47f93228 elementor-widget elementor-widget-heading\" data-id=\"47f93228\" data-element_type=\"widget\" data-widget_type=\"heading.default\">\n\t\t\t\t<div class=\"elementor-widget-container\">\n\t\t\t\t\t<h3 class=\"elementor-heading-title elementor-size-default\">Vakantieappartementen Simone - K\u00f6nigsleiten<\/h3>\t\t\t\t<\/div>\n\t\t\t\t<\/div>\n\t\t\t\t<div class=\"elementor-element elementor-element-69ec656f elementor-widget elementor-widget-heading\" data-id=\"69ec656f\" data-element_type=\"widget\" data-widget_type=\"heading.default\">\n\t\t\t\t<div class=\"elementor-widget-container\">\n\t\t\t\t\t<h1 class=\"elementor-heading-title elementor-size-default\">Uw perfecte wintervakantie<\/h1>\t\t\t\t<\/div>\n\t\t\t\t<\/div>\n\t\t\t\t<section class=\"elementor-section elementor-inner-section elementor-element elementor-element-5eab6c09 elementor-section-full_width elementor-section-height-default elementor-section-height-default\" data-id=\"5eab6c09\" data-element_type=\"section\">\n\t\t\t\t\t\t<div class=\"elementor-container elementor-column-gap-default\">\n\t\t\t\t\t<div class=\"elementor-column elementor-col-100 elementor-inner-column elementor-element elementor-element-163fc196\" data-id=\"163fc196\" data-element_type=\"column\">\n\t\t\t<div class=\"elementor-widget-wrap elementor-element-populated\">\n\t\t\t\t\t\t<div class=\"elementor-element elementor-element-f82817d elementor-widget elementor-widget-heading\" data-id=\"f82817d\" data-element_type=\"widget\" data-widget_type=\"heading.default\">\n\t\t\t\t<div class=\"elementor-widget-container\">\n\t\t\t\t\t<p class=\"elementor-heading-title elementor-size-default\"><p><span>Onze comfortabel ingerichte vakantieappartementen bieden plaats aan maximaal tien personen, waarvan sommige met een eigen sauna om te ontspannen na het ski\u00ebn. Het huis is centraal gelegen in K\u00f6nigsleiten, op slechts 250 meter van de skilift, waardoor u direct voor de deur kunt ski\u00ebn. Langlaufen en rodelen bieden ook afwisselende winterervaringen. De Zillertal Arena lonkt met 160 kilometer aan pistes en meer dan 50 liften.<\/span><span><\/span><\/p><\/p>\t\t\t\t<\/div>\n\t\t\t\t<\/div>\n\t\t\t\t<div class=\"elementor-element elementor-element-362df8d8 elementor-widget elementor-widget-heading\" data-id=\"362df8d8\" data-element_type=\"widget\" data-widget_type=\"heading.default\">\n\t\t\t\t<div class=\"elementor-widget-container\">\n\t\t\t\t\t<p class=\"elementor-heading-title elementor-size-default\"><p><span>Supermarkt, restaurants, skilessen, apr\u00e8s-ski en skiverhuur zijn allemaal op loopafstand. U kunt uw auto de hele week parkeren in de ondergrondse parkeergarage of direct voor Vakantiehuis Simone.<\/span><\/p><\/p>\t\t\t\t<\/div>\n\t\t\t\t<\/div>\n\t\t\t\t\t<\/div>\n\t\t<\/div>\n\t\t\t\t\t<\/div>\n\t\t<\/section>\n\t\t\t\t\t<\/div>\n\t\t<\/div>\n\t\t\t\t\t<\/div>\n\t\t<\/section>\n\t\t\t\t<section class=\"elementor-section elementor-top-section elementor-element elementor-element-65bca98b elementor-section-full_width elementor-section-content-middle elementor-hidden-mobile elementor-hidden-tablet elementor-section-height-default elementor-section-height-default\" data-id=\"65bca98b\" data-element_type=\"section\" data-settings=\"{&quot;background_background&quot;:&quot;classic&quot;}\">\n\t\t\t\t\t\t<div class=\"elementor-container elementor-column-gap-default\">\n\t\t\t\t\t<div class=\"elementor-column elementor-col-33 elementor-top-column elementor-element elementor-element-119a90bf\" data-id=\"119a90bf\" data-element_type=\"column\" data-settings=\"{&quot;background_background&quot;:&quot;classic&quot;}\">\n\t\t\t<div class=\"elementor-widget-wrap elementor-element-populated\">\n\t\t\t\t\t<div class=\"elementor-background-overlay\"><\/div>\n\t\t\t\t\t\t<div class=\"elementor-element elementor-element-63e0ceac elementor-widget elementor-widget-counter\" data-id=\"63e0ceac\" data-element_type=\"widget\" data-widget_type=\"counter.default\">\n\t\t\t\t<div class=\"elementor-widget-container\">\n\t\t\t\t\t\t\t<div class=\"elementor-counter\">\n\t\t\t<div class=\"elementor-counter-title\">APPARTEMENTS<\/div>\t\t\t<div class=\"elementor-counter-number-wrapper\">\n\t\t\t\t<span class=\"elementor-counter-number-prefix\"><\/span>\n\t\t\t\t<span class=\"elementor-counter-number\" data-duration=\"2000\" data-to-value=\"7\" data-from-value=\"0\" data-delimiter=\",\">0<\/span>\n\t\t\t\t<span class=\"elementor-counter-number-suffix\"><\/span>\n\t\t\t<\/div>\n\t\t<\/div>\n\t\t\t\t\t\t<\/div>\n\t\t\t\t<\/div>\n\t\t\t\t\t<\/div>\n\t\t<\/div>\n\t\t\t\t<div class=\"elementor-column elementor-col-33 elementor-top-column elementor-element elementor-element-56891ea0\" data-id=\"56891ea0\" data-element_type=\"column\">\n\t\t\t<div class=\"elementor-widget-wrap\">\n\t\t\t\t\t\t\t<\/div>\n\t\t<\/div>\n\t\t\t\t<div class=\"elementor-column elementor-col-33 elementor-top-column elementor-element elementor-element-36e2378a\" data-id=\"36e2378a\" data-element_type=\"column\">\n\t\t\t<div class=\"elementor-widget-wrap\">\n\t\t\t\t\t\t\t<\/div>\n\t\t<\/div>\n\t\t\t\t\t<\/div>\n\t\t<\/section>\n\t\t\t\t<section class=\"elementor-section elementor-top-section elementor-element elementor-element-1e93c58b elementor-section-content-middle elementor-section-stretched elementor-section-boxed elementor-section-height-default elementor-section-height-default\" data-id=\"1e93c58b\" data-element_type=\"section\" id=\"booking\" data-settings=\"{&quot;stretch_section&quot;:&quot;section-stretched&quot;,&quot;background_background&quot;:&quot;classic&quot;}\">\n\t\t\t\t\t\t\t<div class=\"elementor-background-overlay\"><\/div>\n\t\t\t\t\t\t\t<div class=\"elementor-container elementor-column-gap-default\">\n\t\t\t\t\t<div class=\"elementor-column elementor-col-100 elementor-top-column elementor-element elementor-element-46fe645\" data-id=\"46fe645\" data-element_type=\"column\" data-settings=\"{&quot;background_background&quot;:&quot;classic&quot;}\">\n\t\t\t<div class=\"elementor-widget-wrap elementor-element-populated\">\n\t\t\t\t\t\t<div class=\"elementor-element elementor-element-7088f00c elementor-widget elementor-widget-heading\" data-id=\"7088f00c\" data-element_type=\"widget\" data-widget_type=\"heading.default\">\n\t\t\t\t<div class=\"elementor-widget-container\">\n\t\t\t\t\t<h3 class=\"elementor-heading-title elementor-size-default\">Kies uw gewenste reisweek<\/h3>\t\t\t\t<\/div>\n\t\t\t\t<\/div>\n\t\t\t\t<div class=\"elementor-element elementor-element-375ea9fe elementor-widget elementor-widget-heading\" data-id=\"375ea9fe\" data-element_type=\"widget\" data-widget_type=\"heading.default\">\n\t\t\t\t<div class=\"elementor-widget-container\">\n\t\t\t\t\t<h1 class=\"elementor-heading-title elementor-size-default\">Boek nu uw appartement met de beste prijsgarantie<\/h1>\t\t\t\t<\/div>\n\t\t\t\t<\/div>\n\t\t\t\t<div class=\"elementor-element elementor-element-8d29891 elementor-widget elementor-widget-html\" data-id=\"8d29891\" data-element_type=\"widget\" data-widget_type=\"html.default\">\n\t\t\t\t<div class=\"elementor-widget-container\">\n\t\t\t\t\t<!DOCTYPE html>\n<html>\n    <body>\n        <div data-kbe-searchbar=\"BOOKINGWIDGET\"><\/div>\n\n        <script>\n          !function(t,e,n,s){t[\"kbe-widgets\"]=s,t[s]=t[s]||new Proxy({q:[]},{get:(e,n)=>n in e?e[n]:function(e){t[s].q.push([n,e])}});const o=e.createElement(n),r=e.getElementsByTagName(n)[0];o.id=s,o.src=\"https:\/\/widget-bf.seekda.com\/loader.js\",o.async=1,r.parentNode.insertBefore(o,r)}(window,document,\"script\",\"__KBE\");\n          __KBE.settings({\n            \"id\": \"BOOKINGWIDGET\",\n            \"propertyCode\": \"S003035\"\n          });\n          __KBE.searchbar({\"showCurrencySelector\":false,\"showLanguageSelector\":true,\"isConnected\":false,\"id\":\"BOOKINGWIDGET\"});\n        <\/script>\n    <\/body>\n<\/html>\t\t\t\t<\/div>\n\t\t\t\t<\/div>\n\t\t\t\t\t<\/div>\n\t\t<\/div>\n\t\t\t\t\t<\/div>\n\t\t<\/section>\n\t\t\t\t<section class=\"elementor-section elementor-top-section elementor-element elementor-element-159a9c84 elementor-section-stretched elementor-section-boxed elementor-section-height-default elementor-section-height-default\" data-id=\"159a9c84\" data-element_type=\"section\" data-settings=\"{&quot;stretch_section&quot;:&quot;section-stretched&quot;,&quot;background_background&quot;:&quot;classic&quot;}\">\n\t\t\t\t\t\t<div class=\"elementor-container elementor-column-gap-default\">\n\t\t\t\t\t<div class=\"elementor-column elementor-col-50 elementor-top-column elementor-element elementor-element-3c56e640\" data-id=\"3c56e640\" data-element_type=\"column\" data-settings=\"{&quot;background_background&quot;:&quot;classic&quot;}\">\n\t\t\t<div class=\"elementor-widget-wrap elementor-element-populated\">\n\t\t\t\t\t\t<div class=\"elementor-element elementor-element-6b597ee9 elementor-position-left elementor-vertical-align-top elementor-widget elementor-widget-image-box\" data-id=\"6b597ee9\" data-element_type=\"widget\" data-widget_type=\"image-box.default\">\n\t\t\t\t<div class=\"elementor-widget-container\">\n\t\t\t\t\t<div class=\"elementor-image-box-wrapper\"><figure class=\"elementor-image-box-img\"><img fetchpriority=\"high\" decoding=\"async\" width=\"300\" height=\"300\" src=\"https:\/\/ferienwohnungen-simone.com\/wp-content\/uploads\/2022\/05\/circle-2.png\" class=\"attachment-full size-full wp-image-7119\" alt=\"\" srcset=\"https:\/\/ferienwohnungen-simone.com\/wp-content\/uploads\/2022\/05\/circle-2.png 300w, https:\/\/ferienwohnungen-simone.com\/wp-content\/uploads\/2022\/05\/circle-2-150x150.png 150w, https:\/\/ferienwohnungen-simone.com\/wp-content\/uploads\/2022\/05\/circle-2-100x100.png 100w\" sizes=\"(max-width: 300px) 100vw, 300px\" \/><\/figure><div class=\"elementor-image-box-content\"><h3 class=\"elementor-image-box-title\">Perfect uitgeruste keukens<\/h3><p class=\"elementor-image-box-description\">Onze handgemaakte keukens bieden alles wat u nodig heeft om te koken: een koelkast met vriezer, een vaatwasser, een keramische kookplaat, een heteluchtoven en een gezellige Zweedse kachel. Servies, bestek en keukengerei voor maximaal 10 personen zijn aanwezig.<\/p><\/div><\/div>\t\t\t\t<\/div>\n\t\t\t\t<\/div>\n\t\t\t\t\t<\/div>\n\t\t<\/div>\n\t\t\t\t<div class=\"elementor-column elementor-col-50 elementor-top-column elementor-element elementor-element-619f9584\" data-id=\"619f9584\" data-element_type=\"column\" data-settings=\"{&quot;background_background&quot;:&quot;classic&quot;}\">\n\t\t\t<div class=\"elementor-widget-wrap elementor-element-populated\">\n\t\t\t\t\t\t<div class=\"elementor-element elementor-element-8fae827 elementor-position-left elementor-vertical-align-top elementor-widget elementor-widget-image-box\" data-id=\"8fae827\" data-element_type=\"widget\" data-widget_type=\"image-box.default\">\n\t\t\t\t<div class=\"elementor-widget-container\">\n\t\t\t\t\t<div class=\"elementor-image-box-wrapper\"><figure class=\"elementor-image-box-img\"><img decoding=\"async\" width=\"300\" height=\"300\" src=\"https:\/\/ferienwohnungen-simone.com\/wp-content\/uploads\/2022\/05\/circle-1.png\" class=\"attachment-full size-full wp-image-7118\" alt=\"\" srcset=\"https:\/\/ferienwohnungen-simone.com\/wp-content\/uploads\/2022\/05\/circle-1.png 300w, https:\/\/ferienwohnungen-simone.com\/wp-content\/uploads\/2022\/05\/circle-1-150x150.png 150w, https:\/\/ferienwohnungen-simone.com\/wp-content\/uploads\/2022\/05\/circle-1-100x100.png 100w\" sizes=\"(max-width: 300px) 100vw, 300px\" \/><\/figure><div class=\"elementor-image-box-content\"><h3 class=\"elementor-image-box-title\">Comfortabel wonen en rustgevend slapen<\/h3><p class=\"elementor-image-box-description\">Elk appartement beschikt over drie aparte slaapkamers, een aparte woonkamer en twee badkamers met douche\/toilet. Hoogwaardige hotelmatrassen en hygi\u00ebnische, hypoallergene dekbedden en kussens zorgen voor een verkwikkende nachtrust.<\/p><\/div><\/div>\t\t\t\t<\/div>\n\t\t\t\t<\/div>\n\t\t\t\t\t<\/div>\n\t\t<\/div>\n\t\t\t\t\t<\/div>\n\t\t<\/section>\n\t\t<div class=\"elementor-element elementor-element-9927811 e-flex e-con-boxed e-con e-parent\" data-id=\"9927811\" data-element_type=\"container\">\n\t\t\t\t\t<div class=\"e-con-inner\">\n\t\t\t\t<div class=\"elementor-element elementor-element-6151941 elementor-align-center elementor-widget elementor-widget-button\" data-id=\"6151941\" data-element_type=\"widget\" data-widget_type=\"button.default\">\n\t\t\t\t<div class=\"elementor-widget-container\">\n\t\t\t\t\t\t\t\t\t<div class=\"elementor-button-wrapper\">\n\t\t\t\t\t<a class=\"elementor-button elementor-button-link elementor-size-sm\" href=\"https:\/\/ferienwohnungen-simone.com\/ferienwohnung\/\">\n\t\t\t\t\t\t<span class=\"elementor-button-content-wrapper\">\n\t\t\t\t\t\t\t\t\t<span class=\"elementor-button-text\">BEKIJK VAKANTIEAPPARTEMENTEN<\/span>\n\t\t\t\t\t<\/span>\n\t\t\t\t\t<\/a>\n\t\t\t\t<\/div>\n\t\t\t\t\t\t\t\t<\/div>\n\t\t\t\t<\/div>\n\t\t\t\t\t<\/div>\n\t\t\t\t<\/div>\n\t\t\t\t<section class=\"elementor-section elementor-top-section elementor-element elementor-element-0b700f8 elementor-section-stretched elementor-section-boxed elementor-section-height-default elementor-section-height-default\" data-id=\"0b700f8\" data-element_type=\"section\" data-settings=\"{&quot;stretch_section&quot;:&quot;section-stretched&quot;,&quot;background_background&quot;:&quot;classic&quot;}\">\n\t\t\t\t\t\t<div class=\"elementor-container elementor-column-gap-default\">\n\t\t\t\t\t<div class=\"elementor-column elementor-col-50 elementor-top-column elementor-element elementor-element-8113e43\" data-id=\"8113e43\" data-element_type=\"column\" data-settings=\"{&quot;background_background&quot;:&quot;classic&quot;}\">\n\t\t\t<div class=\"elementor-widget-wrap elementor-element-populated\">\n\t\t\t\t\t\t<div class=\"elementor-element elementor-element-6fca1bc elementor-position-left elementor-vertical-align-top elementor-widget elementor-widget-image-box\" data-id=\"6fca1bc\" data-element_type=\"widget\" data-widget_type=\"image-box.default\">\n\t\t\t\t<div class=\"elementor-widget-container\">\n\t\t\t\t\t<div class=\"elementor-image-box-wrapper\"><figure class=\"elementor-image-box-img\"><img fetchpriority=\"high\" decoding=\"async\" width=\"300\" height=\"300\" src=\"https:\/\/ferienwohnungen-simone.com\/wp-content\/uploads\/2022\/05\/circle-2.png\" class=\"attachment-full size-full wp-image-7119\" alt=\"\" srcset=\"https:\/\/ferienwohnungen-simone.com\/wp-content\/uploads\/2022\/05\/circle-2.png 300w, https:\/\/ferienwohnungen-simone.com\/wp-content\/uploads\/2022\/05\/circle-2-150x150.png 150w, https:\/\/ferienwohnungen-simone.com\/wp-content\/uploads\/2022\/05\/circle-2-100x100.png 100w\" sizes=\"(max-width: 300px) 100vw, 300px\" \/><\/figure><div class=\"elementor-image-box-content\"><h3 class=\"elementor-image-box-title\">Comfortabele woonruimtes met extra's<\/h3><p class=\"elementor-image-box-description\">De gezellige woonkamers met toegang tot het balkon zijn voorzien van kabel-tv, een stereo-installatie, een dvd-speler en wifi. Dankzij een schuifdeur kan de woonkamer worden afgescheiden en gebruikt als vierde slaapkamer met een comfortabele slaapbank.<\/p><\/div><\/div>\t\t\t\t<\/div>\n\t\t\t\t<\/div>\n\t\t\t\t\t<\/div>\n\t\t<\/div>\n\t\t\t\t<div class=\"elementor-column elementor-col-50 elementor-top-column elementor-element elementor-element-4a180b4\" data-id=\"4a180b4\" data-element_type=\"column\" data-settings=\"{&quot;background_background&quot;:&quot;classic&quot;}\">\n\t\t\t<div class=\"elementor-widget-wrap elementor-element-populated\">\n\t\t\t\t\t\t<div class=\"elementor-element elementor-element-d622ebe elementor-position-left elementor-vertical-align-top elementor-widget elementor-widget-image-box\" data-id=\"d622ebe\" data-element_type=\"widget\" data-widget_type=\"image-box.default\">\n\t\t\t\t<div class=\"elementor-widget-container\">\n\t\t\t\t\t<div class=\"elementor-image-box-wrapper\"><figure class=\"elementor-image-box-img\"><img decoding=\"async\" width=\"300\" height=\"300\" src=\"https:\/\/ferienwohnungen-simone.com\/wp-content\/uploads\/2022\/05\/circle-1.png\" class=\"attachment-full size-full wp-image-7118\" alt=\"\" srcset=\"https:\/\/ferienwohnungen-simone.com\/wp-content\/uploads\/2022\/05\/circle-1.png 300w, https:\/\/ferienwohnungen-simone.com\/wp-content\/uploads\/2022\/05\/circle-1-150x150.png 150w, https:\/\/ferienwohnungen-simone.com\/wp-content\/uploads\/2022\/05\/circle-1-100x100.png 100w\" sizes=\"(max-width: 300px) 100vw, 300px\" \/><\/figure><div class=\"elementor-image-box-content\"><h3 class=\"elementor-image-box-title\">Gezinsvriendelijk en doordacht comfort<\/h3><p class=\"elementor-image-box-description\">Onze appartementen zijn ideaal voor gezinnen: \u00e9\u00e9n slaapkamer heeft een extra stapelbed. Reisbedjes en kinderstoelen zijn op aanvraag beschikbaar. Ondergrondse parkeerplaatsen, een verwarmde skikelder en skischoenwarmers zorgen voor extra comfort.<\/p><\/div><\/div>\t\t\t\t<\/div>\n\t\t\t\t<\/div>\n\t\t\t\t\t<\/div>\n\t\t<\/div>\n\t\t\t\t\t<\/div>\n\t\t<\/section>\n\t\t\t\t<section class=\"elementor-section elementor-top-section elementor-element elementor-element-230302bb elementor-section-content-middle elementor-section-stretched elementor-section-boxed elementor-section-height-default elementor-section-height-default\" data-id=\"230302bb\" data-element_type=\"section\" data-settings=\"{&quot;stretch_section&quot;:&quot;section-stretched&quot;,&quot;background_background&quot;:&quot;classic&quot;}\">\n\t\t\t\t\t\t\t<div class=\"elementor-background-overlay\"><\/div>\n\t\t\t\t\t\t\t<div class=\"elementor-container elementor-column-gap-default\">\n\t\t\t\t\t<div class=\"elementor-column elementor-col-100 elementor-top-column elementor-element elementor-element-17fa33da\" data-id=\"17fa33da\" data-element_type=\"column\" data-settings=\"{&quot;background_background&quot;:&quot;classic&quot;}\">\n\t\t\t<div class=\"elementor-widget-wrap elementor-element-populated\">\n\t\t\t\t\t\t<section class=\"elementor-section elementor-inner-section elementor-element elementor-element-7f84bf63 elementor-section-full_width elementor-section-content-middle elementor-section-height-default elementor-section-height-default\" data-id=\"7f84bf63\" data-element_type=\"section\">\n\t\t\t\t\t\t<div class=\"elementor-container elementor-column-gap-default\">\n\t\t\t\t\t<div class=\"elementor-column elementor-col-50 elementor-inner-column elementor-element elementor-element-11ffa7c2\" data-id=\"11ffa7c2\" data-element_type=\"column\">\n\t\t\t<div class=\"elementor-widget-wrap elementor-element-populated\">\n\t\t\t\t\t\t<div class=\"elementor-element elementor-element-27f8db17 elementor-widget elementor-widget-heading\" data-id=\"27f8db17\" data-element_type=\"widget\" data-widget_type=\"heading.default\">\n\t\t\t\t<div class=\"elementor-widget-container\">\n\t\t\t\t\t<h1 class=\"elementor-heading-title elementor-size-default\">PRIV\u00c9SAUNA<\/h1>\t\t\t\t<\/div>\n\t\t\t\t<\/div>\n\t\t\t\t<div class=\"elementor-element elementor-element-12859a97 elementor-widget elementor-widget-heading\" data-id=\"12859a97\" data-element_type=\"widget\" data-widget_type=\"heading.default\">\n\t\t\t\t<div class=\"elementor-widget-container\">\n\t\t\t\t\t<p class=\"elementor-heading-title elementor-size-default\">Na een spannende dag op de besneeuwde pistes is er niets fijner dan ontspannen in uw eigen Finse sauna. Dit bijzondere hoogtepunt wacht u in vier van onze exclusieve appartementen: een priv\u00e9sauna, stijlvol ge\u00efntegreerd in een van de twee badkamers. Geniet van de warmte, voel uw spieren ontspannen en geniet van pure ontspanning \u2013 in volledige privacy en in een gezellige sfeer. Een perfecte afsluiting van uw skidag!<\/p>\t\t\t\t<\/div>\n\t\t\t\t<\/div>\n\t\t\t\t\t<\/div>\n\t\t<\/div>\n\t\t\t\t<div class=\"elementor-column elementor-col-50 elementor-inner-column elementor-element elementor-element-664a1b92\" data-id=\"664a1b92\" data-element_type=\"column\">\n\t\t\t<div class=\"elementor-widget-wrap elementor-element-populated\">\n\t\t\t\t\t\t<div class=\"elementor-element elementor-element-f6a729e elementor-hidden-mobile elementor-invisible elementor-widget elementor-widget-image\" data-id=\"f6a729e\" data-element_type=\"widget\" data-settings=\"{&quot;_animation&quot;:&quot;fadeInRight&quot;}\" data-widget_type=\"image.default\">\n\t\t\t\t<div class=\"elementor-widget-container\">\n\t\t\t\t\t\t\t\t\t\t\t\t\t\t\t<img loading=\"lazy\" decoding=\"async\" width=\"1024\" height=\"837\" src=\"https:\/\/ferienwohnungen-simone.com\/wp-content\/uploads\/2022\/03\/towels-1024x837.png\" class=\"attachment-large size-large wp-image-122\" alt=\"\" srcset=\"https:\/\/ferienwohnungen-simone.com\/wp-content\/uploads\/2022\/03\/towels-1024x837.png 1024w, https:\/\/ferienwohnungen-simone.com\/wp-content\/uploads\/2022\/03\/towels-300x245.png 300w, https:\/\/ferienwohnungen-simone.com\/wp-content\/uploads\/2022\/03\/towels-768x628.png 768w, https:\/\/ferienwohnungen-simone.com\/wp-content\/uploads\/2022\/03\/towels-600x491.png 600w, https:\/\/ferienwohnungen-simone.com\/wp-content\/uploads\/2022\/03\/towels.png 1120w\" sizes=\"(max-width: 1024px) 100vw, 1024px\" \/>\t\t\t\t\t\t\t\t\t\t\t\t\t\t\t<\/div>\n\t\t\t\t<\/div>\n\t\t\t\t\t<\/div>\n\t\t<\/div>\n\t\t\t\t\t<\/div>\n\t\t<\/section>\n\t\t\t\t\t<\/div>\n\t\t<\/div>\n\t\t\t\t\t<\/div>\n\t\t<\/section>\n\t\t<div class=\"elementor-element elementor-element-116b3d2 e-flex e-con-boxed e-con e-parent\" data-id=\"116b3d2\" data-element_type=\"container\">\n\t\t\t\t\t<div class=\"e-con-inner\">\n\t\t\t\t<div class=\"elementor-element elementor-element-2e56c68 elementor-widget elementor-widget-heading\" data-id=\"2e56c68\" data-element_type=\"widget\" data-widget_type=\"heading.default\">\n\t\t\t\t<div class=\"elementor-widget-container\">\n\t\t\t\t\t<h1 class=\"elementor-heading-title elementor-size-default\">Aankomst in K\u00f6nigsleiten<\/h1>\t\t\t\t<\/div>\n\t\t\t\t<\/div>\n\t\t<div class=\"elementor-element elementor-element-274af1e e-grid e-con-full e-con e-child\" data-id=\"274af1e\" data-element_type=\"container\">\n\t\t\t\t<div class=\"elementor-element elementor-element-b35320e elementor-view-default elementor-position-block-start elementor-mobile-position-block-start elementor-widget elementor-widget-icon-box\" data-id=\"b35320e\" data-element_type=\"widget\" data-widget_type=\"icon-box.default\">\n\t\t\t\t<div class=\"elementor-widget-container\">\n\t\t\t\t\t\t\t<div class=\"elementor-icon-box-wrapper\">\n\n\t\t\t\t\t\t<div class=\"elementor-icon-box-icon\">\n\t\t\t\t<span  class=\"elementor-icon\">\n\t\t\t\t<svg aria-hidden=\"true\" class=\"e-font-icon-svg e-fas-car\" viewBox=\"0 0 512 512\" xmlns=\"http:\/\/www.w3.org\/2000\/svg\"><path d=\"M499.99 176h-59.87l-16.64-41.6C406.38 91.63 365.57 64 319.5 64h-127c-46.06 0-86.88 27.63-103.99 70.4L71.87 176H12.01C4.2 176-1.53 183.34.37 190.91l6 24C7.7 220.25 12.5 224 18.01 224h20.07C24.65 235.73 16 252.78 16 272v48c0 16.12 6.16 30.67 16 41.93V416c0 17.67 14.33 32 32 32h32c17.67 0 32-14.33 32-32v-32h256v32c0 17.67 14.33 32 32 32h32c17.67 0 32-14.33 32-32v-54.07c9.84-11.25 16-25.8 16-41.93v-48c0-19.22-8.65-36.27-22.07-48H494c5.51 0 10.31-3.75 11.64-9.09l6-24c1.89-7.57-3.84-14.91-11.65-14.91zm-352.06-17.83c7.29-18.22 24.94-30.17 44.57-30.17h127c19.63 0 37.28 11.95 44.57 30.17L384 208H128l19.93-49.83zM96 319.8c-19.2 0-32-12.76-32-31.9S76.8 256 96 256s48 28.71 48 47.85-28.8 15.95-48 15.95zm320 0c-19.2 0-48 3.19-48-15.95S396.8 256 416 256s32 12.76 32 31.9-12.8 31.9-32 31.9z\"><\/path><\/svg>\t\t\t\t<\/span>\n\t\t\t<\/div>\n\t\t\t\n\t\t\t\t\t\t<div class=\"elementor-icon-box-content\">\n\n\t\t\t\t\t\t\t\t\t<h3 class=\"elementor-icon-box-title\">\n\t\t\t\t\t\t<span  >\n\t\t\t\t\t\t\tVanuit M\u00fcnchen via Kufstein\t\t\t\t\t\t<\/span>\n\t\t\t\t\t<\/h3>\n\t\t\t\t\n\t\t\t\t\t\t\t\t\t<p class=\"elementor-icon-box-description\">\n\t\t\t\t\t\tNeem de A12 tot afslag Kufstein S\u00fcd. Rijd vanaf daar verder via St. Johann, Kitzb\u00fchel en de Thurnpas. Volg vervolgens de B165 naar Wald\/K\u00f6nigsleiten.\t\t\t\t\t<\/p>\n\t\t\t\t\n\t\t\t<\/div>\n\t\t\t\n\t\t<\/div>\n\t\t\t\t\t\t<\/div>\n\t\t\t\t<\/div>\n\t\t\t\t<div class=\"elementor-element elementor-element-c091636 elementor-view-default elementor-position-block-start elementor-mobile-position-block-start elementor-widget elementor-widget-icon-box\" data-id=\"c091636\" data-element_type=\"widget\" data-widget_type=\"icon-box.default\">\n\t\t\t\t<div class=\"elementor-widget-container\">\n\t\t\t\t\t\t\t<div class=\"elementor-icon-box-wrapper\">\n\n\t\t\t\t\t\t<div class=\"elementor-icon-box-icon\">\n\t\t\t\t<span  class=\"elementor-icon\">\n\t\t\t\t<svg aria-hidden=\"true\" class=\"e-font-icon-svg e-fas-car\" viewBox=\"0 0 512 512\" xmlns=\"http:\/\/www.w3.org\/2000\/svg\"><path d=\"M499.99 176h-59.87l-16.64-41.6C406.38 91.63 365.57 64 319.5 64h-127c-46.06 0-86.88 27.63-103.99 70.4L71.87 176H12.01C4.2 176-1.53 183.34.37 190.91l6 24C7.7 220.25 12.5 224 18.01 224h20.07C24.65 235.73 16 252.78 16 272v48c0 16.12 6.16 30.67 16 41.93V416c0 17.67 14.33 32 32 32h32c17.67 0 32-14.33 32-32v-32h256v32c0 17.67 14.33 32 32 32h32c17.67 0 32-14.33 32-32v-54.07c9.84-11.25 16-25.8 16-41.93v-48c0-19.22-8.65-36.27-22.07-48H494c5.51 0 10.31-3.75 11.64-9.09l6-24c1.89-7.57-3.84-14.91-11.65-14.91zm-352.06-17.83c7.29-18.22 24.94-30.17 44.57-30.17h127c19.63 0 37.28 11.95 44.57 30.17L384 208H128l19.93-49.83zM96 319.8c-19.2 0-32-12.76-32-31.9S76.8 256 96 256s48 28.71 48 47.85-28.8 15.95-48 15.95zm320 0c-19.2 0-48 3.19-48-15.95S396.8 256 416 256s32 12.76 32 31.9-12.8 31.9-32 31.9z\"><\/path><\/svg>\t\t\t\t<\/span>\n\t\t\t<\/div>\n\t\t\t\n\t\t\t\t\t\t<div class=\"elementor-icon-box-content\">\n\n\t\t\t\t\t\t\t\t\t<h3 class=\"elementor-icon-box-title\">\n\t\t\t\t\t\t<span  >\n\t\t\t\t\t\t\tOver de Achensee (Achenpass)\t\t\t\t\t\t<\/span>\n\t\t\t\t\t<\/h3>\n\t\t\t\t\n\t\t\t\t\t\t\t\t\t<p class=\"elementor-icon-box-description\">\n\t\t\t\t\t\tSteek de Achenpas over en rijd het Zillertal in. Van daaruit rijdt u via Zell am Ziller en de B165 via Hainzenberg en de Gerlospas rechtstreeks naar K\u00f6nigsleiten.\t\t\t\t\t<\/p>\n\t\t\t\t\n\t\t\t<\/div>\n\t\t\t\n\t\t<\/div>\n\t\t\t\t\t\t<\/div>\n\t\t\t\t<\/div>\n\t\t\t\t<div class=\"elementor-element elementor-element-2c46cef elementor-view-default elementor-position-block-start elementor-mobile-position-block-start elementor-widget elementor-widget-icon-box\" data-id=\"2c46cef\" data-element_type=\"widget\" data-widget_type=\"icon-box.default\">\n\t\t\t\t<div class=\"elementor-widget-container\">\n\t\t\t\t\t\t\t<div class=\"elementor-icon-box-wrapper\">\n\n\t\t\t\t\t\t<div class=\"elementor-icon-box-icon\">\n\t\t\t\t<span  class=\"elementor-icon\">\n\t\t\t\t<svg aria-hidden=\"true\" class=\"e-font-icon-svg e-fas-car\" viewBox=\"0 0 512 512\" xmlns=\"http:\/\/www.w3.org\/2000\/svg\"><path d=\"M499.99 176h-59.87l-16.64-41.6C406.38 91.63 365.57 64 319.5 64h-127c-46.06 0-86.88 27.63-103.99 70.4L71.87 176H12.01C4.2 176-1.53 183.34.37 190.91l6 24C7.7 220.25 12.5 224 18.01 224h20.07C24.65 235.73 16 252.78 16 272v48c0 16.12 6.16 30.67 16 41.93V416c0 17.67 14.33 32 32 32h32c17.67 0 32-14.33 32-32v-32h256v32c0 17.67 14.33 32 32 32h32c17.67 0 32-14.33 32-32v-54.07c9.84-11.25 16-25.8 16-41.93v-48c0-19.22-8.65-36.27-22.07-48H494c5.51 0 10.31-3.75 11.64-9.09l6-24c1.89-7.57-3.84-14.91-11.65-14.91zm-352.06-17.83c7.29-18.22 24.94-30.17 44.57-30.17h127c19.63 0 37.28 11.95 44.57 30.17L384 208H128l19.93-49.83zM96 319.8c-19.2 0-32-12.76-32-31.9S76.8 256 96 256s48 28.71 48 47.85-28.8 15.95-48 15.95zm320 0c-19.2 0-48 3.19-48-15.95S396.8 256 416 256s32 12.76 32 31.9-12.8 31.9-32 31.9z\"><\/path><\/svg>\t\t\t\t<\/span>\n\t\t\t<\/div>\n\t\t\t\n\t\t\t\t\t\t<div class=\"elementor-icon-box-content\">\n\n\t\t\t\t\t\t\t\t\t<h3 class=\"elementor-icon-box-title\">\n\t\t\t\t\t\t<span  >\n\t\t\t\t\t\t\tVanuit M\u00fcnchen of Innsbruck\t\t\t\t\t\t<\/span>\n\t\t\t\t\t<\/h3>\n\t\t\t\t\n\t\t\t\t\t\t\t\t\t<p class=\"elementor-icon-box-description\">\n\t\t\t\t\t\tNeem de A12 en neem de afslag Wiesing richting Zillertal. Volg de B169 tot Zell am Ziller en vervolg uw weg over de B165 richting Gerlospas. Ongeveer 5 km voorbij Gerlos, ongeveer 200 m voor de tolpoort, slaat u linksaf richting K\u00f6nigsleiten.\t\t\t\t\t<\/p>\n\t\t\t\t\n\t\t\t<\/div>\n\t\t\t\n\t\t<\/div>\n\t\t\t\t\t\t<\/div>\n\t\t\t\t<\/div>\n\t\t\t\t<div class=\"elementor-element elementor-element-6eaa441 elementor-view-default elementor-position-block-start elementor-mobile-position-block-start elementor-widget elementor-widget-icon-box\" data-id=\"6eaa441\" data-element_type=\"widget\" data-widget_type=\"icon-box.default\">\n\t\t\t\t<div class=\"elementor-widget-container\">\n\t\t\t\t\t\t\t<div class=\"elementor-icon-box-wrapper\">\n\n\t\t\t\t\t\t<div class=\"elementor-icon-box-icon\">\n\t\t\t\t<span  class=\"elementor-icon\">\n\t\t\t\t<svg aria-hidden=\"true\" class=\"e-font-icon-svg e-fas-car\" viewBox=\"0 0 512 512\" xmlns=\"http:\/\/www.w3.org\/2000\/svg\"><path d=\"M499.99 176h-59.87l-16.64-41.6C406.38 91.63 365.57 64 319.5 64h-127c-46.06 0-86.88 27.63-103.99 70.4L71.87 176H12.01C4.2 176-1.53 183.34.37 190.91l6 24C7.7 220.25 12.5 224 18.01 224h20.07C24.65 235.73 16 252.78 16 272v48c0 16.12 6.16 30.67 16 41.93V416c0 17.67 14.33 32 32 32h32c17.67 0 32-14.33 32-32v-32h256v32c0 17.67 14.33 32 32 32h32c17.67 0 32-14.33 32-32v-54.07c9.84-11.25 16-25.8 16-41.93v-48c0-19.22-8.65-36.27-22.07-48H494c5.51 0 10.31-3.75 11.64-9.09l6-24c1.89-7.57-3.84-14.91-11.65-14.91zm-352.06-17.83c7.29-18.22 24.94-30.17 44.57-30.17h127c19.63 0 37.28 11.95 44.57 30.17L384 208H128l19.93-49.83zM96 319.8c-19.2 0-32-12.76-32-31.9S76.8 256 96 256s48 28.71 48 47.85-28.8 15.95-48 15.95zm320 0c-19.2 0-48 3.19-48-15.95S396.8 256 416 256s32 12.76 32 31.9-12.8 31.9-32 31.9z\"><\/path><\/svg>\t\t\t\t<\/span>\n\t\t\t<\/div>\n\t\t\t\n\t\t\t\t\t\t<div class=\"elementor-icon-box-content\">\n\n\t\t\t\t\t\t\t\t\t<h3 class=\"elementor-icon-box-title\">\n\t\t\t\t\t\t<span  >\n\t\t\t\t\t\t\tVia de Tauernautobahn (A10)\t\t\t\t\t\t<\/span>\n\t\t\t\t\t<\/h3>\n\t\t\t\t\n\t\t\t\t\t\t\t\t\t<p class=\"elementor-icon-box-description\">\n\t\t\t\t\t\tNeem vanaf de A10 de afslag Werfen en rijd over de B311 richting Zell am See. Volg vervolgens de B168 naar Mittersill. Volg vanaf daar de B165 richting Wald\/K\u00f6nigsleiten.\t\t\t\t\t<\/p>\n\t\t\t\t\n\t\t\t<\/div>\n\t\t\t\n\t\t<\/div>\n\t\t\t\t\t\t<\/div>\n\t\t\t\t<\/div>\n\t\t\t\t<\/div>\n\t\t\t\t\t<\/div>\n\t\t\t\t<\/div>\n\t\t\t\t<section class=\"elementor-section elementor-top-section elementor-element elementor-element-0d74875 elementor-section-stretched elementor-section-full_width elementor-section-content-middle elementor-section-height-default elementor-section-height-default\" data-id=\"0d74875\" data-element_type=\"section\" data-settings=\"{&quot;stretch_section&quot;:&quot;section-stretched&quot;}\">\n\t\t\t\t\t\t<div class=\"elementor-container elementor-column-gap-default\">\n\t\t\t\t\t<div class=\"elementor-column elementor-col-100 elementor-top-column elementor-element elementor-element-f1f9b84\" data-id=\"f1f9b84\" data-element_type=\"column\" data-settings=\"{&quot;background_background&quot;:&quot;classic&quot;}\">\n\t\t\t<div class=\"elementor-widget-wrap elementor-element-populated\">\n\t\t\t\t\t<div class=\"elementor-background-overlay\"><\/div>\n\t\t\t\t\t\t<div class=\"elementor-element elementor-element-ec7c266 elementor-widget__width-inherit elementor-widget elementor-widget-google_maps\" data-id=\"ec7c266\" data-element_type=\"widget\" data-widget_type=\"google_maps.default\">\n\t\t\t\t<div class=\"elementor-widget-container\">\n\t\t\t\t\t\t\t<div class=\"elementor-custom-embed\">\n\t\t\t<iframe loading=\"lazy\"\n\t\t\t\t\tsrc=\"https:\/\/maps.google.com\/maps?q=Ferienwohnungen%20simone%20k%C3%B6nigsleiten&#038;t=m&#038;z=17&#038;output=embed&#038;iwloc=near\"\n\t\t\t\t\ttitle=\"Ferienwohnungen simone k\u00f6nigsleiten\"\n\t\t\t\t\taria-label=\"Ferienwohnungen simone k\u00f6nigsleiten\"\n\t\t\t><\/iframe>\n\t\t<\/div>\n\t\t\t\t\t\t<\/div>\n\t\t\t\t<\/div>\n\t\t\t\t\t<\/div>\n\t\t<\/div>\n\t\t\t\t\t<\/div>\n\t\t<\/section>\n\t\t\t\t<section class=\"elementor-section elementor-top-section elementor-element elementor-element-e859388 elementor-section-stretched elementor-section-full_width elementor-section-content-middle elementor-section-height-default elementor-section-height-default\" data-id=\"e859388\" data-element_type=\"section\" data-settings=\"{&quot;stretch_section&quot;:&quot;section-stretched&quot;}\">\n\t\t\t\t\t\t<div class=\"elementor-container elementor-column-gap-default\">\n\t\t\t\t\t<div class=\"elementor-column elementor-col-100 elementor-top-column elementor-element elementor-element-eb1016a\" data-id=\"eb1016a\" data-element_type=\"column\" data-settings=\"{&quot;background_background&quot;:&quot;classic&quot;}\">\n\t\t\t<div class=\"elementor-widget-wrap elementor-element-populated\">\n\t\t\t\t\t<div class=\"elementor-background-overlay\"><\/div>\n\t\t\t\t\t\t<div class=\"elementor-element elementor-element-7fd334f elementor-widget elementor-widget-heading\" data-id=\"7fd334f\" data-element_type=\"widget\" data-widget_type=\"heading.default\">\n\t\t\t\t<div class=\"elementor-widget-container\">\n\t\t\t\t\t<h1 class=\"elementor-heading-title elementor-size-default\">Veelgestelde vragen - FAQ's<\/h1>\t\t\t\t<\/div>\n\t\t\t\t<\/div>\n\t\t\t\t<div class=\"elementor-element elementor-element-670977e elementor-position-inline-start elementor-view-default elementor-mobile-position-block-start elementor-widget elementor-widget-icon-box\" data-id=\"670977e\" data-element_type=\"widget\" data-widget_type=\"icon-box.default\">\n\t\t\t\t<div class=\"elementor-widget-container\">\n\t\t\t\t\t\t\t<div class=\"elementor-icon-box-wrapper\">\n\n\t\t\t\t\t\t<div class=\"elementor-icon-box-icon\">\n\t\t\t\t<span  class=\"elementor-icon\">\n\t\t\t\t<svg aria-hidden=\"true\" class=\"e-font-icon-svg e-fas-parking\" viewBox=\"0 0 448 512\" xmlns=\"http:\/\/www.w3.org\/2000\/svg\"><path d=\"M400 32H48C21.5 32 0 53.5 0 80v352c0 26.5 21.5 48 48 48h352c26.5 0 48-21.5 48-48V80c0-26.5-21.5-48-48-48zM240 320h-48v48c0 8.8-7.2 16-16 16h-32c-8.8 0-16-7.2-16-16V144c0-8.8 7.2-16 16-16h96c52.9 0 96 43.1 96 96s-43.1 96-96 96zm0-128h-48v64h48c17.6 0 32-14.4 32-32s-14.4-32-32-32z\"><\/path><\/svg>\t\t\t\t<\/span>\n\t\t\t<\/div>\n\t\t\t\n\t\t\t\t\t\t<div class=\"elementor-icon-box-content\">\n\n\t\t\t\t\t\t\t\t\t<h3 class=\"elementor-icon-box-title\">\n\t\t\t\t\t\t<span  >\n\t\t\t\t\t\t\tWaar kan ik mijn auto parkeren?\t\t\t\t\t\t<\/span>\n\t\t\t\t\t<\/h3>\n\t\t\t\t\n\t\t\t\t\t\t\t\t\t<p class=\"elementor-icon-box-description\">\n\t\t\t\t\t\tWe hebben een ondergrondse parkeergarage waar u uw auto kunt parkeren. Als u liever buiten parkeert, kunt u ook comfortabel voor de deur parkeren.\t\t\t\t\t<\/p>\n\t\t\t\t\n\t\t\t<\/div>\n\t\t\t\n\t\t<\/div>\n\t\t\t\t\t\t<\/div>\n\t\t\t\t<\/div>\n\t\t\t\t<div class=\"elementor-element elementor-element-da2a7f8 elementor-position-inline-start elementor-view-default elementor-mobile-position-block-start elementor-widget elementor-widget-icon-box\" data-id=\"da2a7f8\" data-element_type=\"widget\" data-widget_type=\"icon-box.default\">\n\t\t\t\t<div class=\"elementor-widget-container\">\n\t\t\t\t\t\t\t<div class=\"elementor-icon-box-wrapper\">\n\n\t\t\t\t\t\t<div class=\"elementor-icon-box-icon\">\n\t\t\t\t<span  class=\"elementor-icon\">\n\t\t\t\t<svg aria-hidden=\"true\" class=\"e-font-icon-svg e-fas-key\" viewBox=\"0 0 512 512\" xmlns=\"http:\/\/www.w3.org\/2000\/svg\"><path d=\"M512 176.001C512 273.203 433.202 352 336 352c-11.22 0-22.19-1.062-32.827-3.069l-24.012 27.014A23.999 23.999 0 0 1 261.223 384H224v40c0 13.255-10.745 24-24 24h-40v40c0 13.255-10.745 24-24 24H24c-13.255 0-24-10.745-24-24v-78.059c0-6.365 2.529-12.47 7.029-16.971l161.802-161.802C163.108 213.814 160 195.271 160 176 160 78.798 238.797.001 335.999 0 433.488-.001 512 78.511 512 176.001zM336 128c0 26.51 21.49 48 48 48s48-21.49 48-48-21.49-48-48-48-48 21.49-48 48z\"><\/path><\/svg>\t\t\t\t<\/span>\n\t\t\t<\/div>\n\t\t\t\n\t\t\t\t\t\t<div class=\"elementor-icon-box-content\">\n\n\t\t\t\t\t\t\t\t\t<h3 class=\"elementor-icon-box-title\">\n\t\t\t\t\t\t<span  >\n\t\t\t\t\t\t\tWaar kan ik de sleutels van het appartement krijgen?\t\t\t\t\t\t<\/span>\n\t\t\t\t\t<\/h3>\n\t\t\t\t\n\t\t\t\t\t\t\t\t\t<p class=\"elementor-icon-box-description\">\n\t\t\t\t\t\tTegenover het vakantiehuis Simone bevindt zich het kantoor van onze beheerder, waar u de sleutels kunt ophalen en kunt inchecken.\t\t\t\t\t<\/p>\n\t\t\t\t\n\t\t\t<\/div>\n\t\t\t\n\t\t<\/div>\n\t\t\t\t\t\t<\/div>\n\t\t\t\t<\/div>\n\t\t\t\t<div class=\"elementor-element elementor-element-1f90074 elementor-position-inline-start elementor-view-default elementor-mobile-position-block-start elementor-widget elementor-widget-icon-box\" data-id=\"1f90074\" data-element_type=\"widget\" data-widget_type=\"icon-box.default\">\n\t\t\t\t<div class=\"elementor-widget-container\">\n\t\t\t\t\t\t\t<div class=\"elementor-icon-box-wrapper\">\n\n\t\t\t\t\t\t<div class=\"elementor-icon-box-icon\">\n\t\t\t\t<span  class=\"elementor-icon\">\n\t\t\t\t<svg aria-hidden=\"true\" class=\"e-font-icon-svg e-fas-dollar-sign\" viewBox=\"0 0 288 512\" xmlns=\"http:\/\/www.w3.org\/2000\/svg\"><path d=\"M209.2 233.4l-108-31.6C88.7 198.2 80 186.5 80 173.5c0-16.3 13.2-29.5 29.5-29.5h66.3c12.2 0 24.2 3.7 34.2 10.5 6.1 4.1 14.3 3.1 19.5-2l34.8-34c7.1-6.9 6.1-18.4-1.8-24.5C238 74.8 207.4 64.1 176 64V16c0-8.8-7.2-16-16-16h-32c-8.8 0-16 7.2-16 16v48h-2.5C45.8 64-5.4 118.7.5 183.6c4.2 46.1 39.4 83.6 83.8 96.6l102.5 30c12.5 3.7 21.2 15.3 21.2 28.3 0 16.3-13.2 29.5-29.5 29.5h-66.3C100 368 88 364.3 78 357.5c-6.1-4.1-14.3-3.1-19.5 2l-34.8 34c-7.1 6.9-6.1 18.4 1.8 24.5 24.5 19.2 55.1 29.9 86.5 30v48c0 8.8 7.2 16 16 16h32c8.8 0 16-7.2 16-16v-48.2c46.6-.9 90.3-28.6 105.7-72.7 21.5-61.6-14.6-124.8-72.5-141.7z\"><\/path><\/svg>\t\t\t\t<\/span>\n\t\t\t<\/div>\n\t\t\t\n\t\t\t\t\t\t<div class=\"elementor-icon-box-content\">\n\n\t\t\t\t\t\t\t\t\t<h3 class=\"elementor-icon-box-title\">\n\t\t\t\t\t\t<span  >\n\t\t\t\t\t\t\tHoe hoog is de aanbetaling en hoe wordt deze gefactureerd?\t\t\t\t\t\t<\/span>\n\t\t\t\t\t<\/h3>\n\t\t\t\t\n\t\t\t\t\t\t\t\t\t<p class=\"elementor-icon-box-description\">\n\t\t\t\t\t\tDe borg bedraagt \u200b\u200b150 euro en dient op de dag van aankomst contant aan de beheerder te worden betaald.\t\t\t\t\t<\/p>\n\t\t\t\t\n\t\t\t<\/div>\n\t\t\t\n\t\t<\/div>\n\t\t\t\t\t\t<\/div>\n\t\t\t\t<\/div>\n\t\t\t\t<div class=\"elementor-element elementor-element-46e93d0 elementor-position-inline-start elementor-view-default elementor-mobile-position-block-start elementor-widget elementor-widget-icon-box\" data-id=\"46e93d0\" data-element_type=\"widget\" data-widget_type=\"icon-box.default\">\n\t\t\t\t<div class=\"elementor-widget-container\">\n\t\t\t\t\t\t\t<div class=\"elementor-icon-box-wrapper\">\n\n\t\t\t\t\t\t<div class=\"elementor-icon-box-icon\">\n\t\t\t\t<span  class=\"elementor-icon\">\n\t\t\t\t<svg aria-hidden=\"true\" class=\"e-font-icon-svg e-far-clock\" viewBox=\"0 0 512 512\" xmlns=\"http:\/\/www.w3.org\/2000\/svg\"><path d=\"M256 8C119 8 8 119 8 256s111 248 248 248 248-111 248-248S393 8 256 8zm0 448c-110.5 0-200-89.5-200-200S145.5 56 256 56s200 89.5 200 200-89.5 200-200 200zm61.8-104.4l-84.9-61.7c-3.1-2.3-4.9-5.9-4.9-9.7V116c0-6.6 5.4-12 12-12h32c6.6 0 12 5.4 12 12v141.7l66.8 48.6c5.4 3.9 6.5 11.4 2.6 16.8L334.6 349c-3.9 5.3-11.4 6.5-16.8 2.6z\"><\/path><\/svg>\t\t\t\t<\/span>\n\t\t\t<\/div>\n\t\t\t\n\t\t\t\t\t\t<div class=\"elementor-icon-box-content\">\n\n\t\t\t\t\t\t\t\t\t<h3 class=\"elementor-icon-box-title\">\n\t\t\t\t\t\t<span  >\n\t\t\t\t\t\t\tWat zijn de in- en uitchecktijden?\t\t\t\t\t\t<\/span>\n\t\t\t\t\t<\/h3>\n\t\t\t\t\n\t\t\t\t\t\t\t\t\t<p class=\"elementor-icon-box-description\">\n\t\t\t\t\t\tU kunt het appartement vanaf 15:00 uur betrekken. Op de dag van vertrek dient u uiterlijk om 10:00 uur uit te checken.\t\t\t\t\t<\/p>\n\t\t\t\t\n\t\t\t<\/div>\n\t\t\t\n\t\t<\/div>\n\t\t\t\t\t\t<\/div>\n\t\t\t\t<\/div>\n\t\t\t\t<div class=\"elementor-element elementor-element-6e2c7c6 elementor-position-inline-start elementor-view-default elementor-mobile-position-block-start elementor-widget elementor-widget-icon-box\" data-id=\"6e2c7c6\" data-element_type=\"widget\" data-widget_type=\"icon-box.default\">\n\t\t\t\t<div class=\"elementor-widget-container\">\n\t\t\t\t\t\t\t<div class=\"elementor-icon-box-wrapper\">\n\n\t\t\t\t\t\t<div class=\"elementor-icon-box-icon\">\n\t\t\t\t<span  class=\"elementor-icon\">\n\t\t\t\t<svg aria-hidden=\"true\" class=\"e-font-icon-svg e-far-building\" viewBox=\"0 0 448 512\" xmlns=\"http:\/\/www.w3.org\/2000\/svg\"><path d=\"M128 148v-40c0-6.6 5.4-12 12-12h40c6.6 0 12 5.4 12 12v40c0 6.6-5.4 12-12 12h-40c-6.6 0-12-5.4-12-12zm140 12h40c6.6 0 12-5.4 12-12v-40c0-6.6-5.4-12-12-12h-40c-6.6 0-12 5.4-12 12v40c0 6.6 5.4 12 12 12zm-128 96h40c6.6 0 12-5.4 12-12v-40c0-6.6-5.4-12-12-12h-40c-6.6 0-12 5.4-12 12v40c0 6.6 5.4 12 12 12zm128 0h40c6.6 0 12-5.4 12-12v-40c0-6.6-5.4-12-12-12h-40c-6.6 0-12 5.4-12 12v40c0 6.6 5.4 12 12 12zm-76 84v-40c0-6.6-5.4-12-12-12h-40c-6.6 0-12 5.4-12 12v40c0 6.6 5.4 12 12 12h40c6.6 0 12-5.4 12-12zm76 12h40c6.6 0 12-5.4 12-12v-40c0-6.6-5.4-12-12-12h-40c-6.6 0-12 5.4-12 12v40c0 6.6 5.4 12 12 12zm180 124v36H0v-36c0-6.6 5.4-12 12-12h19.5V24c0-13.3 10.7-24 24-24h337c13.3 0 24 10.7 24 24v440H436c6.6 0 12 5.4 12 12zM79.5 463H192v-67c0-6.6 5.4-12 12-12h40c6.6 0 12 5.4 12 12v67h112.5V49L80 48l-.5 415z\"><\/path><\/svg>\t\t\t\t<\/span>\n\t\t\t<\/div>\n\t\t\t\n\t\t\t\t\t\t<div class=\"elementor-icon-box-content\">\n\n\t\t\t\t\t\t\t\t\t<h3 class=\"elementor-icon-box-title\">\n\t\t\t\t\t\t<span  >\n\t\t\t\t\t\t\tHoe worden de lokale belastingen berekend?\t\t\t\t\t\t<\/span>\n\t\t\t\t\t<\/h3>\n\t\t\t\t\n\t\t\t\t\t\t\t\t\t<p class=\"elementor-icon-box-description\">\n\t\t\t\t\t\tDe lokale belasting wordt op de dag van aankomst contant door de beheerder betaald.\t\t\t\t\t<\/p>\n\t\t\t\t\n\t\t\t<\/div>\n\t\t\t\n\t\t<\/div>\n\t\t\t\t\t\t<\/div>\n\t\t\t\t<\/div>\n\t\t\t\t<div class=\"elementor-element elementor-element-8d51934 elementor-position-inline-start elementor-view-default elementor-mobile-position-block-start elementor-widget elementor-widget-icon-box\" data-id=\"8d51934\" data-element_type=\"widget\" data-widget_type=\"icon-box.default\">\n\t\t\t\t<div class=\"elementor-widget-container\">\n\t\t\t\t\t\t\t<div class=\"elementor-icon-box-wrapper\">\n\n\t\t\t\t\t\t<div class=\"elementor-icon-box-icon\">\n\t\t\t\t<span  class=\"elementor-icon\">\n\t\t\t\t<svg aria-hidden=\"true\" class=\"e-font-icon-svg e-fas-bed\" viewBox=\"0 0 640 512\" xmlns=\"http:\/\/www.w3.org\/2000\/svg\"><path d=\"M176 256c44.11 0 80-35.89 80-80s-35.89-80-80-80-80 35.89-80 80 35.89 80 80 80zm352-128H304c-8.84 0-16 7.16-16 16v144H64V80c0-8.84-7.16-16-16-16H16C7.16 64 0 71.16 0 80v352c0 8.84 7.16 16 16 16h32c8.84 0 16-7.16 16-16v-48h512v48c0 8.84 7.16 16 16 16h32c8.84 0 16-7.16 16-16V240c0-61.86-50.14-112-112-112z\"><\/path><\/svg>\t\t\t\t<\/span>\n\t\t\t<\/div>\n\t\t\t\n\t\t\t\t\t\t<div class=\"elementor-icon-box-content\">\n\n\t\t\t\t\t\t\t\t\t<h3 class=\"elementor-icon-box-title\">\n\t\t\t\t\t\t<span  >\n\t\t\t\t\t\t\tZijn er handdoeken en beddengoed aanwezig?\t\t\t\t\t\t<\/span>\n\t\t\t\t\t<\/h3>\n\t\t\t\t\n\t\t\t\t\t\t\t\t\t<p class=\"elementor-icon-box-description\">\n\t\t\t\t\t\tBeddengoed is aanwezig voor het aantal geboekte gasten en is bij de prijs inbegrepen. Handdoeken kunt u ter plaatse huren (handdoek: \u20ac 2, badhanddoek: \u20ac 3) of zelf meenemen.\t\t\t\t\t<\/p>\n\t\t\t\t\n\t\t\t<\/div>\n\t\t\t\n\t\t<\/div>\n\t\t\t\t\t\t<\/div>\n\t\t\t\t<\/div>\n\t\t\t\t\t<\/div>\n\t\t<\/div>\n\t\t\t\t\t<\/div>\n\t\t<\/section>\n\t\t\t\t<\/div>\n\t\t","protected":false},"excerpt":{"rendered":"<p>Vakantieappartementen Simone &#8211; K\u00f6nigsleiten Uw perfecte wintervakantie Onze comfortabel ingerichte vakantieappartementen bieden plaats aan maximaal tien personen, waarvan sommige met een eigen sauna om te ontspannen na het ski\u00ebn. Het huis is centraal gelegen in K\u00f6nigsleiten, op slechts 250 meter van de skilift, waardoor u direct voor de deur kunt ski\u00ebn. Langlaufen en rodelen bieden [&hellip;]<\/p>\n","protected":false},"author":1,"featured_media":0,"parent":0,"menu_order":0,"comment_status":"closed","ping_status":"closed","template":"","meta":{"footnotes":""},"class_list":["post-9339","page","type-page","status-publish","hentry"],"yoast_head":"<!-- This site is optimized with the Yoast SEO plugin v26.6 - https:\/\/yoast.com\/wordpress\/plugins\/seo\/ -->\n<title>Home - ferienwohnungen-simone.com<\/title>\n<meta name=\"description\" content=\"Gro\u00dfz\u00fcgige 10 Personen Ferienwohnungen in K\u00f6nigsleiten mit eigener Sauna. Im Ortszentrum und nur 250\u202fm zur Ski-Gondel - Zillertal Arena.\" \/>\n<meta name=\"robots\" content=\"index, follow, max-snippet:-1, max-image-preview:large, max-video-preview:-1\" \/>\n<link rel=\"canonical\" href=\"https:\/\/ferienwohnungen-simone.com\/\" \/>\n<meta property=\"og:locale\" content=\"nl_NL\" \/>\n<meta property=\"og:type\" content=\"article\" \/>\n<meta property=\"og:title\" content=\"Home - ferienwohnungen-simone.com\" \/>\n<meta property=\"og:description\" content=\"Gro\u00dfz\u00fcgige 10 Personen Ferienwohnungen in K\u00f6nigsleiten mit eigener Sauna. Im Ortszentrum und nur 250\u202fm zur Ski-Gondel - Zillertal Arena.\" \/>\n<meta property=\"og:url\" content=\"https:\/\/ferienwohnungen-simone.com\/\" \/>\n<meta property=\"og:site_name\" content=\"ferienwohnungen-simone.com\" \/>\n<meta property=\"article:modified_time\" content=\"2025-06-27T11:40:23+00:00\" \/>\n<meta property=\"og:image\" content=\"https:\/\/ferienwohnungen-simone.com\/wp-content\/uploads\/2022\/05\/circle-2.png\" \/>\n<meta name=\"twitter:card\" content=\"summary_large_image\" \/>\n<meta name=\"twitter:label1\" content=\"Geschatte leestijd\" \/>\n\t<meta name=\"twitter:data1\" content=\"3 minuten\" \/>\n<script type=\"application\/ld+json\" class=\"yoast-schema-graph\">{\"@context\":\"https:\/\/schema.org\",\"@graph\":[{\"@type\":\"WebPage\",\"@id\":\"https:\/\/ferienwohnungen-simone.com\/\",\"url\":\"https:\/\/ferienwohnungen-simone.com\/\",\"name\":\"Home - ferienwohnungen-simone.com\",\"isPartOf\":{\"@id\":\"https:\/\/ferienwohnungen-simone.com\/#website\"},\"primaryImageOfPage\":{\"@id\":\"https:\/\/ferienwohnungen-simone.com\/#primaryimage\"},\"image\":{\"@id\":\"https:\/\/ferienwohnungen-simone.com\/#primaryimage\"},\"thumbnailUrl\":\"https:\/\/ferienwohnungen-simone.com\/wp-content\/uploads\/2022\/05\/circle-2.png\",\"datePublished\":\"2022-04-19T07:27:26+00:00\",\"dateModified\":\"2025-06-27T11:40:23+00:00\",\"description\":\"Gro\u00dfz\u00fcgige 10 Personen Ferienwohnungen in K\u00f6nigsleiten mit eigener Sauna. Im Ortszentrum und nur 250\u202fm zur Ski-Gondel - Zillertal Arena.\",\"breadcrumb\":{\"@id\":\"https:\/\/ferienwohnungen-simone.com\/#breadcrumb\"},\"inLanguage\":\"nl-NL\",\"potentialAction\":[{\"@type\":\"ReadAction\",\"target\":[\"https:\/\/ferienwohnungen-simone.com\/\"]}]},{\"@type\":\"ImageObject\",\"inLanguage\":\"nl-NL\",\"@id\":\"https:\/\/ferienwohnungen-simone.com\/#primaryimage\",\"url\":\"https:\/\/ferienwohnungen-simone.com\/wp-content\/uploads\/2022\/05\/circle-2.png\",\"contentUrl\":\"https:\/\/ferienwohnungen-simone.com\/wp-content\/uploads\/2022\/05\/circle-2.png\"},{\"@type\":\"BreadcrumbList\",\"@id\":\"https:\/\/ferienwohnungen-simone.com\/#breadcrumb\",\"itemListElement\":[{\"@type\":\"ListItem\",\"position\":1,\"name\":\"Startseite\",\"item\":\"https:\/\/ferienwohnungen-simone.com\/\"},{\"@type\":\"ListItem\",\"position\":2,\"name\":\"Home\"}]},{\"@type\":\"WebSite\",\"@id\":\"https:\/\/ferienwohnungen-simone.com\/#website\",\"url\":\"https:\/\/ferienwohnungen-simone.com\/\",\"name\":\"ferienwohnungen-simone.com\",\"description\":\"\",\"potentialAction\":[{\"@type\":\"SearchAction\",\"target\":{\"@type\":\"EntryPoint\",\"urlTemplate\":\"https:\/\/ferienwohnungen-simone.com\/?s={search_term_string}\"},\"query-input\":{\"@type\":\"PropertyValueSpecification\",\"valueRequired\":true,\"valueName\":\"search_term_string\"}}],\"inLanguage\":\"nl-NL\"}]}<\/script>\n<!-- \/ Yoast SEO plugin. -->","yoast_head_json":{"title":"Home - ferienwohnungen-simone.com","description":"Gro\u00dfz\u00fcgige 10 Personen Ferienwohnungen in K\u00f6nigsleiten mit eigener Sauna. Im Ortszentrum und nur 250\u202fm zur Ski-Gondel - Zillertal Arena.","robots":{"index":"index","follow":"follow","max-snippet":"max-snippet:-1","max-image-preview":"max-image-preview:large","max-video-preview":"max-video-preview:-1"},"canonical":"https:\/\/ferienwohnungen-simone.com\/","og_locale":"nl_NL","og_type":"article","og_title":"Home - ferienwohnungen-simone.com","og_description":"Gro\u00dfz\u00fcgige 10 Personen Ferienwohnungen in K\u00f6nigsleiten mit eigener Sauna. Im Ortszentrum und nur 250\u202fm zur Ski-Gondel - Zillertal Arena.","og_url":"https:\/\/ferienwohnungen-simone.com\/","og_site_name":"ferienwohnungen-simone.com","article_modified_time":"2025-06-27T11:40:23+00:00","og_image":[{"url":"https:\/\/ferienwohnungen-simone.com\/wp-content\/uploads\/2022\/05\/circle-2.png","type":"","width":"","height":""}],"twitter_card":"summary_large_image","twitter_misc":{"Geschatte leestijd":"3 minuten"},"schema":{"@context":"https:\/\/schema.org","@graph":[{"@type":"WebPage","@id":"https:\/\/ferienwohnungen-simone.com\/","url":"https:\/\/ferienwohnungen-simone.com\/","name":"Home - ferienwohnungen-simone.com","isPartOf":{"@id":"https:\/\/ferienwohnungen-simone.com\/#website"},"primaryImageOfPage":{"@id":"https:\/\/ferienwohnungen-simone.com\/#primaryimage"},"image":{"@id":"https:\/\/ferienwohnungen-simone.com\/#primaryimage"},"thumbnailUrl":"https:\/\/ferienwohnungen-simone.com\/wp-content\/uploads\/2022\/05\/circle-2.png","datePublished":"2022-04-19T07:27:26+00:00","dateModified":"2025-06-27T11:40:23+00:00","description":"Gro\u00dfz\u00fcgige 10 Personen Ferienwohnungen in K\u00f6nigsleiten mit eigener Sauna. Im Ortszentrum und nur 250\u202fm zur Ski-Gondel - Zillertal Arena.","breadcrumb":{"@id":"https:\/\/ferienwohnungen-simone.com\/#breadcrumb"},"inLanguage":"nl-NL","potentialAction":[{"@type":"ReadAction","target":["https:\/\/ferienwohnungen-simone.com\/"]}]},{"@type":"ImageObject","inLanguage":"nl-NL","@id":"https:\/\/ferienwohnungen-simone.com\/#primaryimage","url":"https:\/\/ferienwohnungen-simone.com\/wp-content\/uploads\/2022\/05\/circle-2.png","contentUrl":"https:\/\/ferienwohnungen-simone.com\/wp-content\/uploads\/2022\/05\/circle-2.png"},{"@type":"BreadcrumbList","@id":"https:\/\/ferienwohnungen-simone.com\/#breadcrumb","itemListElement":[{"@type":"ListItem","position":1,"name":"Startseite","item":"https:\/\/ferienwohnungen-simone.com\/"},{"@type":"ListItem","position":2,"name":"Home"}]},{"@type":"WebSite","@id":"https:\/\/ferienwohnungen-simone.com\/#website","url":"https:\/\/ferienwohnungen-simone.com\/","name":"ferienwohnungen-simone.com","description":"","potentialAction":[{"@type":"SearchAction","target":{"@type":"EntryPoint","urlTemplate":"https:\/\/ferienwohnungen-simone.com\/?s={search_term_string}"},"query-input":{"@type":"PropertyValueSpecification","valueRequired":true,"valueName":"search_term_string"}}],"inLanguage":"nl-NL"}]}},"_links":{"self":[{"href":"https:\/\/ferienwohnungen-simone.com\/nl\/wp-json\/wp\/v2\/pages\/9339","targetHints":{"allow":["GET"]}}],"collection":[{"href":"https:\/\/ferienwohnungen-simone.com\/nl\/wp-json\/wp\/v2\/pages"}],"about":[{"href":"https:\/\/ferienwohnungen-simone.com\/nl\/wp-json\/wp\/v2\/types\/page"}],"author":[{"embeddable":true,"href":"https:\/\/ferienwohnungen-simone.com\/nl\/wp-json\/wp\/v2\/users\/1"}],"replies":[{"embeddable":true,"href":"https:\/\/ferienwohnungen-simone.com\/nl\/wp-json\/wp\/v2\/comments?post=9339"}],"version-history":[{"count":10,"href":"https:\/\/ferienwohnungen-simone.com\/nl\/wp-json\/wp\/v2\/pages\/9339\/revisions"}],"predecessor-version":[{"id":9677,"href":"https:\/\/ferienwohnungen-simone.com\/nl\/wp-json\/wp\/v2\/pages\/9339\/revisions\/9677"}],"wp:attachment":[{"href":"https:\/\/ferienwohnungen-simone.com\/nl\/wp-json\/wp\/v2\/media?parent=9339"}],"curies":[{"name":"wp","href":"https:\/\/api.w.org\/{rel}","templated":true}]}}